{"id":19355,"date":"2020-09-04T07:06:39","date_gmt":"2020-09-04T04:06:39","guid":{"rendered":"https:\/\/www.duuri.fi\/lattialuukku-alumiini-200x200mm-matala-valettava\/"},"modified":"2026-03-06T06:34:01","modified_gmt":"2026-03-06T04:34:01","slug":"gridas-luka-aluminija-200x200mm-sekla-ugunsizturiga","status":"publish","type":"product","link":"https:\/\/www.duuri.fi\/lv\/gridas-luka-aluminija-200x200mm-sekla-ugunsizturiga\/","title":{"rendered":"GR\u012aDAS L\u016aKA ALUM\u012aNIJA 200X200MM SEKLA, UGUNSIZTUR\u012aGA"},"content":{"rendered":"<p>Rev\u012bzijas l\u016bka, izgatavota no alum\u012bnija. R\u0101mis ir izgatavots no ekstrud\u0113ta alum\u012bnija, v\u0101ks\u00a0\u2013 no alum\u012bnija pl\u0101tnes. L\u016bkas kop\u0113jais augstums ir tikai 50\u00a0mm. T\u0101 k\u0101 l\u016bkas virsma ir pl\u0101n\u0101ka un viegl\u0101ka, to var viegl\u0101k atv\u0113rt. L\u016bka ir g\u0101zu un \u016bdensdro\u0161a, un t\u0101 ir izgatavota saska\u0146\u0101 ar prec\u012bziem izm\u0113riem. R\u0101m\u012b ir ieb\u016bv\u0113ti divi \u012bpa\u0161i pret \u0137imik\u0101lij\u0101m iztur\u012bgi bl\u012bv\u0113jumi. Koniskais dizains un pace\u013cam\u0101 atsl\u0113ga atvieglo l\u016bkas atv\u0113r\u0161anu. Mazo le\u0146\u0137u un prec\u012bzo izm\u0113ru malu konstrukcijas d\u0113\u013c l\u016bka p\u0113c uzst\u0101d\u012b\u0161anas gr\u012bd\u0101 ir teju nepaman\u0101ma. L\u016bka ir apr\u012bkota ar armat\u016bru, kas uzlabo t\u0101s celtsp\u0113ju. L\u016bka ir piem\u0113rota projektiem telp\u0101s, kur past\u0101v augstas pras\u012bbas attiec\u012bb\u0101 uz rev\u012bzijas l\u016bk\u0101m ar maz\u0101ku svaru, pl\u0101n\u0101ku konstrukciju un augstu korozijiztur\u012bbu vai lab\u0101ku higi\u0113niskumu, piem\u0113ram, p\u0101rtikas apstr\u0101des telp\u0101s vai slimn\u012bc\u0101s. Celtsp\u0113ja: 15\u00a0kN.<\/p>\n","protected":false},"excerpt":{"rendered":"<p>Rev\u012bzijas l\u016bka, alum\u012bnija. Sekla konstrukcija. G\u0101zu un \u016bdensdro\u0161a. Lieto\u0161anai telp\u0101s un \u0101r\u0101. Celtsp\u0113ja: 15\u00a0kN.<\/p>\n","protected":false},"featured_media":15015,"comment_status":"closed","ping_status":"closed","template":"","meta":{"_acf_changed":false},"product_brand":[5402],"product_cat":[4472,4473],"product_tag":[],"class_list":{"0":"post-19355","1":"product","2":"type-product","3":"status-publish","4":"has-post-thumbnail","6":"product_brand-hago","7":"product_cat-lattialuukut-lv","8":"product_cat-mittatilaus-lattialuukut-lv","10":"first","11":"instock","12":"shipping-taxable","13":"product-type-simple"},"acf":[],"yoast_head":"<!-- This site is optimized with the Yoast SEO plugin v25.5 - https:\/\/yoast.com\/wordpress\/plugins\/seo\/ -->\n<title>GR\u012aDAS L\u016aKA ALUM\u012aNIJA 200X200MM SEKLA, UGUNSIZTUR\u012aGA - Duuri Oy<\/title>\n<meta name=\"robots\" content=\"index, follow, max-snippet:-1, max-image-preview:large, max-video-preview:-1\" \/>\n<link rel=\"canonical\" href=\"https:\/\/www.duuri.fi\/lv\/gridas-luka-aluminija-200x200mm-sekla-ugunsizturiga\/\" \/>\n<meta property=\"og:locale\" content=\"lv_LV\" \/>\n<meta property=\"og:type\" content=\"article\" \/>\n<meta property=\"og:title\" content=\"GR\u012aDAS L\u016aKA ALUM\u012aNIJA 200X200MM SEKLA, UGUNSIZTUR\u012aGA - Duuri Oy\" \/>\n<meta property=\"og:description\" content=\"Rev\u012bzijas l\u016bka, alum\u012bnija. Sekla konstrukcija. G\u0101zu un \u016bdensdro\u0161a. Lieto\u0161anai telp\u0101s un \u0101r\u0101. Celtsp\u0113ja: 15\u00a0kN.\" \/>\n<meta property=\"og:url\" content=\"https:\/\/www.duuri.fi\/lv\/gridas-luka-aluminija-200x200mm-sekla-ugunsizturiga\/\" \/>\n<meta property=\"og:site_name\" content=\"Duuri Oy\" \/>\n<meta property=\"article:modified_time\" content=\"2026-03-06T04:34:01+00:00\" \/>\n<meta property=\"og:image\" content=\"https:\/\/www.duuri.fi\/wp-content\/uploads\/2020\/08\/T1_BVA-SL-22-scaled.jpg\" \/>\n\t<meta property=\"og:image:width\" content=\"2560\" \/>\n\t<meta property=\"og:image:height\" content=\"1717\" \/>\n\t<meta property=\"og:image:type\" content=\"image\/jpeg\" \/>\n<meta name=\"twitter:card\" content=\"summary_large_image\" \/>\n<meta name=\"twitter:label1\" content=\"Est. reading time\" \/>\n\t<meta name=\"twitter:data1\" content=\"1 minute\" \/>\n<script type=\"application\/ld+json\" class=\"yoast-schema-graph\">{\"@context\":\"https:\/\/schema.org\",\"@graph\":[{\"@type\":\"WebPage\",\"@id\":\"https:\/\/www.duuri.fi\/lv\/gridas-luka-aluminija-200x200mm-sekla-ugunsizturiga\/\",\"url\":\"https:\/\/www.duuri.fi\/lv\/gridas-luka-aluminija-200x200mm-sekla-ugunsizturiga\/\",\"name\":\"GR\u012aDAS L\u016aKA ALUM\u012aNIJA 200X200MM SEKLA, UGUNSIZTUR\u012aGA - Duuri Oy\",\"isPartOf\":{\"@id\":\"https:\/\/www.duuri.fi\/sv\/#website\"},\"primaryImageOfPage\":{\"@id\":\"https:\/\/www.duuri.fi\/lv\/gridas-luka-aluminija-200x200mm-sekla-ugunsizturiga\/#primaryimage\"},\"image\":{\"@id\":\"https:\/\/www.duuri.fi\/lv\/gridas-luka-aluminija-200x200mm-sekla-ugunsizturiga\/#primaryimage\"},\"thumbnailUrl\":\"https:\/\/www.duuri.fi\/wp-content\/uploads\/2020\/08\/T1_BVA-SL-22-scaled.jpg\",\"datePublished\":\"2020-09-04T04:06:39+00:00\",\"dateModified\":\"2026-03-06T04:34:01+00:00\",\"breadcrumb\":{\"@id\":\"https:\/\/www.duuri.fi\/lv\/gridas-luka-aluminija-200x200mm-sekla-ugunsizturiga\/#breadcrumb\"},\"inLanguage\":\"lv-LV\",\"potentialAction\":[{\"@type\":\"ReadAction\",\"target\":[\"https:\/\/www.duuri.fi\/lv\/gridas-luka-aluminija-200x200mm-sekla-ugunsizturiga\/\"]}]},{\"@type\":\"ImageObject\",\"inLanguage\":\"lv-LV\",\"@id\":\"https:\/\/www.duuri.fi\/lv\/gridas-luka-aluminija-200x200mm-sekla-ugunsizturiga\/#primaryimage\",\"url\":\"https:\/\/www.duuri.fi\/wp-content\/uploads\/2020\/08\/T1_BVA-SL-22-scaled.jpg\",\"contentUrl\":\"https:\/\/www.duuri.fi\/wp-content\/uploads\/2020\/08\/T1_BVA-SL-22-scaled.jpg\",\"width\":2560,\"height\":1717},{\"@type\":\"BreadcrumbList\",\"@id\":\"https:\/\/www.duuri.fi\/lv\/gridas-luka-aluminija-200x200mm-sekla-ugunsizturiga\/#breadcrumb\",\"itemListElement\":[{\"@type\":\"ListItem\",\"position\":1,\"name\":\"Home\",\"item\":\"https:\/\/www.duuri.fi\/lv\/\"},{\"@type\":\"ListItem\",\"position\":2,\"name\":\"Produkter\",\"item\":\"https:\/\/www.duuri.fi\/sv\/produkter\/\"},{\"@type\":\"ListItem\",\"position\":3,\"name\":\"GR\u012aDAS L\u016aKA ALUM\u012aNIJA 200X200MM SEKLA, UGUNSIZTUR\u012aGA\"}]},{\"@type\":\"WebSite\",\"@id\":\"https:\/\/www.duuri.fi\/sv\/#website\",\"url\":\"https:\/\/www.duuri.fi\/sv\/\",\"name\":\"Duuri Oy\",\"description\":\"Tuotteet ja asiantuntijapalvelut kodin sisustuksen ja julkisten tilojen viimeistelyyn\",\"publisher\":{\"@id\":\"https:\/\/www.duuri.fi\/sv\/#organization\"},\"potentialAction\":[{\"@type\":\"SearchAction\",\"target\":{\"@type\":\"EntryPoint\",\"urlTemplate\":\"https:\/\/www.duuri.fi\/sv\/?s={search_term_string}\"},\"query-input\":{\"@type\":\"PropertyValueSpecification\",\"valueRequired\":true,\"valueName\":\"search_term_string\"}}],\"inLanguage\":\"lv-LV\"},{\"@type\":\"Organization\",\"@id\":\"https:\/\/www.duuri.fi\/sv\/#organization\",\"name\":\"Duuri Oy\",\"url\":\"https:\/\/www.duuri.fi\/sv\/\",\"logo\":{\"@type\":\"ImageObject\",\"inLanguage\":\"lv-LV\",\"@id\":\"https:\/\/www.duuri.fi\/sv\/#\/schema\/logo\/image\/\",\"url\":\"https:\/\/www.duuri.fi\/wp-content\/uploads\/2020\/08\/Duuri_uusi-logo.png\",\"contentUrl\":\"https:\/\/www.duuri.fi\/wp-content\/uploads\/2020\/08\/Duuri_uusi-logo.png\",\"width\":242,\"height\":91,\"caption\":\"Duuri Oy\"},\"image\":{\"@id\":\"https:\/\/www.duuri.fi\/sv\/#\/schema\/logo\/image\/\"}}]}<\/script>\n<!-- \/ Yoast SEO plugin. -->","yoast_head_json":{"title":"GR\u012aDAS L\u016aKA ALUM\u012aNIJA 200X200MM SEKLA, UGUNSIZTUR\u012aGA - Duuri Oy","robots":{"index":"index","follow":"follow","max-snippet":"max-snippet:-1","max-image-preview":"max-image-preview:large","max-video-preview":"max-video-preview:-1"},"canonical":"https:\/\/www.duuri.fi\/lv\/gridas-luka-aluminija-200x200mm-sekla-ugunsizturiga\/","og_locale":"lv_LV","og_type":"article","og_title":"GR\u012aDAS L\u016aKA ALUM\u012aNIJA 200X200MM SEKLA, UGUNSIZTUR\u012aGA - Duuri Oy","og_description":"Rev\u012bzijas l\u016bka, alum\u012bnija. Sekla konstrukcija. G\u0101zu un \u016bdensdro\u0161a. Lieto\u0161anai telp\u0101s un \u0101r\u0101. Celtsp\u0113ja: 15\u00a0kN.","og_url":"https:\/\/www.duuri.fi\/lv\/gridas-luka-aluminija-200x200mm-sekla-ugunsizturiga\/","og_site_name":"Duuri Oy","article_modified_time":"2026-03-06T04:34:01+00:00","og_image":[{"width":2560,"height":1717,"url":"https:\/\/www.duuri.fi\/wp-content\/uploads\/2020\/08\/T1_BVA-SL-22-scaled.jpg","type":"image\/jpeg"}],"twitter_card":"summary_large_image","twitter_misc":{"Est. reading time":"1 minute"},"schema":{"@context":"https:\/\/schema.org","@graph":[{"@type":"WebPage","@id":"https:\/\/www.duuri.fi\/lv\/gridas-luka-aluminija-200x200mm-sekla-ugunsizturiga\/","url":"https:\/\/www.duuri.fi\/lv\/gridas-luka-aluminija-200x200mm-sekla-ugunsizturiga\/","name":"GR\u012aDAS L\u016aKA ALUM\u012aNIJA 200X200MM SEKLA, UGUNSIZTUR\u012aGA - Duuri Oy","isPartOf":{"@id":"https:\/\/www.duuri.fi\/sv\/#website"},"primaryImageOfPage":{"@id":"https:\/\/www.duuri.fi\/lv\/gridas-luka-aluminija-200x200mm-sekla-ugunsizturiga\/#primaryimage"},"image":{"@id":"https:\/\/www.duuri.fi\/lv\/gridas-luka-aluminija-200x200mm-sekla-ugunsizturiga\/#primaryimage"},"thumbnailUrl":"https:\/\/www.duuri.fi\/wp-content\/uploads\/2020\/08\/T1_BVA-SL-22-scaled.jpg","datePublished":"2020-09-04T04:06:39+00:00","dateModified":"2026-03-06T04:34:01+00:00","breadcrumb":{"@id":"https:\/\/www.duuri.fi\/lv\/gridas-luka-aluminija-200x200mm-sekla-ugunsizturiga\/#breadcrumb"},"inLanguage":"lv-LV","potentialAction":[{"@type":"ReadAction","target":["https:\/\/www.duuri.fi\/lv\/gridas-luka-aluminija-200x200mm-sekla-ugunsizturiga\/"]}]},{"@type":"ImageObject","inLanguage":"lv-LV","@id":"https:\/\/www.duuri.fi\/lv\/gridas-luka-aluminija-200x200mm-sekla-ugunsizturiga\/#primaryimage","url":"https:\/\/www.duuri.fi\/wp-content\/uploads\/2020\/08\/T1_BVA-SL-22-scaled.jpg","contentUrl":"https:\/\/www.duuri.fi\/wp-content\/uploads\/2020\/08\/T1_BVA-SL-22-scaled.jpg","width":2560,"height":1717},{"@type":"BreadcrumbList","@id":"https:\/\/www.duuri.fi\/lv\/gridas-luka-aluminija-200x200mm-sekla-ugunsizturiga\/#breadcrumb","itemListElement":[{"@type":"ListItem","position":1,"name":"Home","item":"https:\/\/www.duuri.fi\/lv\/"},{"@type":"ListItem","position":2,"name":"Produkter","item":"https:\/\/www.duuri.fi\/sv\/produkter\/"},{"@type":"ListItem","position":3,"name":"GR\u012aDAS L\u016aKA ALUM\u012aNIJA 200X200MM SEKLA, UGUNSIZTUR\u012aGA"}]},{"@type":"WebSite","@id":"https:\/\/www.duuri.fi\/sv\/#website","url":"https:\/\/www.duuri.fi\/sv\/","name":"Duuri Oy","description":"Tuotteet ja asiantuntijapalvelut kodin sisustuksen ja julkisten tilojen viimeistelyyn","publisher":{"@id":"https:\/\/www.duuri.fi\/sv\/#organization"},"potentialAction":[{"@type":"SearchAction","target":{"@type":"EntryPoint","urlTemplate":"https:\/\/www.duuri.fi\/sv\/?s={search_term_string}"},"query-input":{"@type":"PropertyValueSpecification","valueRequired":true,"valueName":"search_term_string"}}],"inLanguage":"lv-LV"},{"@type":"Organization","@id":"https:\/\/www.duuri.fi\/sv\/#organization","name":"Duuri Oy","url":"https:\/\/www.duuri.fi\/sv\/","logo":{"@type":"ImageObject","inLanguage":"lv-LV","@id":"https:\/\/www.duuri.fi\/sv\/#\/schema\/logo\/image\/","url":"https:\/\/www.duuri.fi\/wp-content\/uploads\/2020\/08\/Duuri_uusi-logo.png","contentUrl":"https:\/\/www.duuri.fi\/wp-content\/uploads\/2020\/08\/Duuri_uusi-logo.png","width":242,"height":91,"caption":"Duuri Oy"},"image":{"@id":"https:\/\/www.duuri.fi\/sv\/#\/schema\/logo\/image\/"}}]}},"_links":{"self":[{"href":"https:\/\/www.duuri.fi\/lv\/wp-json\/wp\/v2\/product\/19355","targetHints":{"allow":["GET"]}}],"collection":[{"href":"https:\/\/www.duuri.fi\/lv\/wp-json\/wp\/v2\/product"}],"about":[{"href":"https:\/\/www.duuri.fi\/lv\/wp-json\/wp\/v2\/types\/product"}],"replies":[{"embeddable":true,"href":"https:\/\/www.duuri.fi\/lv\/wp-json\/wp\/v2\/comments?post=19355"}],"wp:featuredmedia":[{"embeddable":true,"href":"https:\/\/www.duuri.fi\/lv\/wp-json\/wp\/v2\/media\/15015"}],"wp:attachment":[{"href":"https:\/\/www.duuri.fi\/lv\/wp-json\/wp\/v2\/media?parent=19355"}],"wp:term":[{"taxonomy":"product_brand","embeddable":true,"href":"https:\/\/www.duuri.fi\/lv\/wp-json\/wp\/v2\/product_brand?post=19355"},{"taxonomy":"product_cat","embeddable":true,"href":"https:\/\/www.duuri.fi\/lv\/wp-json\/wp\/v2\/product_cat?post=19355"},{"taxonomy":"product_tag","embeddable":true,"href":"https:\/\/www.duuri.fi\/lv\/wp-json\/wp\/v2\/product_tag?post=19355"}],"curies":[{"name":"wp","href":"https:\/\/api.w.org\/{rel}","templated":true}]}}